{"id":2168,"date":"2025-01-17T09:34:26","date_gmt":"2025-01-17T08:34:26","guid":{"rendered":"https:\/\/halfmarathonmagaluf.com\/volun\/"},"modified":"2026-03-23T13:35:20","modified_gmt":"2026-03-23T12:35:20","slug":"volun","status":"publish","type":"page","link":"https:\/\/halfmarathonmagaluf.com\/ca\/volun\/","title":{"rendered":"Volun"},"content":{"rendered":"\n<main class=\"wp-block-group alignfull is-layout-flow wp-block-group-is-layout-flow\" style=\"margin-top:0px;margin-bottom:0px\">\n<div class=\"wp-block-cover alignfull\" style=\"padding-top:var(--wp--preset--spacing--40);padding-right:0;padding-bottom:var(--wp--preset--spacing--40);padding-left:0;min-height:544px;aspect-ratio:unset;\"><img data-recalc-dims=\"1\" decoding=\"async\" width=\"2000\" height=\"1333\" class=\"wp-block-cover__image-background wp-image-450\" alt=\"\" src=\"https:\/\/i0.wp.com\/halfmarathonmagaluf.com\/wp-content\/uploads\/2024\/07\/hml095-scaled.webp?resize=2000%2C1333&#038;ssl=1\" style=\"object-position:52% 41%\" data-object-fit=\"cover\" data-object-position=\"52% 41%\" srcset=\"https:\/\/i0.wp.com\/halfmarathonmagaluf.com\/wp-content\/uploads\/2024\/07\/hml095-scaled.webp?w=2000&amp;ssl=1 2000w, https:\/\/i0.wp.com\/halfmarathonmagaluf.com\/wp-content\/uploads\/2024\/07\/hml095-scaled.webp?resize=300%2C200&amp;ssl=1 300w, https:\/\/i0.wp.com\/halfmarathonmagaluf.com\/wp-content\/uploads\/2024\/07\/hml095-scaled.webp?resize=1024%2C683&amp;ssl=1 1024w, https:\/\/i0.wp.com\/halfmarathonmagaluf.com\/wp-content\/uploads\/2024\/07\/hml095-scaled.webp?resize=768%2C512&amp;ssl=1 768w, https:\/\/i0.wp.com\/halfmarathonmagaluf.com\/wp-content\/uploads\/2024\/07\/hml095-scaled.webp?resize=1536%2C1024&amp;ssl=1 1536w, https:\/\/i0.wp.com\/halfmarathonmagaluf.com\/wp-content\/uploads\/2024\/07\/hml095-scaled.webp?resize=1200%2C800&amp;ssl=1 1200w\" sizes=\"(max-width: 1000px) 100vw, 1000px\" \/><span aria-hidden=\"true\" class=\"wp-block-cover__background has-background-dim-30 has-background-dim\" style=\"background-color:#010101\"><\/span><div class=\"wp-block-cover__inner-container has-global-padding is-layout-constrained wp-container-core-cover-is-layout-38e92397 wp-block-cover-is-layout-constrained\">\n<div class=\"wp-block-group alignwide is-layout-flow wp-block-group-is-layout-flow\" style=\"margin-top:0;margin-bottom:0;padding-top:0;padding-right:var(--wp--preset--spacing--50);padding-bottom:0;padding-left:var(--wp--preset--spacing--50)\">\n<div style=\"height:26px\" aria-hidden=\"true\" class=\"wp-block-spacer\"><\/div>\n\n\n\n<div class=\"wp-block-columns alignwide is-layout-flex wp-container-core-columns-is-layout-9ba6dbca wp-block-columns-is-layout-flex\">\n<div class=\"wp-block-column is-layout-flow wp-block-column-is-layout-flow\" style=\"padding-right:0;flex-basis:60%\">\n<h2 class=\"wp-block-heading has-text-align-left alignwide text-balance has-text-color has-link-color has-xx-large-font-size wp-elements-99a4874f0ba585a880ef10bb73e1242e\" style=\"color:#fefefe;margin-top:0;margin-right:0;margin-bottom:0;margin-left:0\">Vols ser Voluntari de <\/h2>\n\n\n\n<h2 class=\"wp-block-heading has-text-align-left alignwide text-balance has-text-color has-link-color has-xx-large-font-size wp-elements-e94ba3af0b5e26154c9c0b173658205e\" style=\"color:#fefefe;margin-top:0;margin-right:0;margin-bottom:0;margin-left:0\">Half Marathon Magaluf?<\/h2>\n\n\n\n<div class=\"wp-block-buttons is-layout-flex wp-block-buttons-is-layout-flex\">\n<div class=\"wp-block-button is-style-outline is-style-outline--1\"><a class=\"wp-block-button__link has-base-color has-text-color has-background has-link-color wp-element-button\" href=\"https:\/\/docs.google.com\/forms\/d\/e\/1FAIpQLSd5UusX-1wq68EEXz-MwYS6PXAD11MkjX0pz2GPolbpQWwIUg\/viewform\" style=\"background-color:#ffffff12\" target=\"_blank\" rel=\"noreferrer noopener\">FORMULARI<\/a><\/div>\n<\/div>\n<\/div>\n<\/div>\n\n\n\n<div style=\"height:23px\" aria-hidden=\"true\" class=\"wp-block-spacer\"><\/div>\n<\/div>\n<\/div><\/div>\n\n\n\n<div class=\"wp-block-group alignfull is-nowrap is-layout-flex wp-container-core-group-is-layout-ff6c02dd wp-block-group-is-layout-flex\" style=\"margin-top:var(--wp--preset--spacing--40);margin-bottom:var(--wp--preset--spacing--40);padding-top:calc( 0.5 * var(--wp--style--root--padding-right, var(--wp--custom--gap--horizontal)));padding-right:var(--wp--style--root--padding-right, var(--wp--custom--gap--horizontal));padding-bottom:calc( 0.5 * var(--wp--style--root--padding-right, var(--wp--custom--gap--horizontal)));padding-left:var(--wp--style--root--padding-left, var(--wp--custom--gap--horizontal))\">\n<div style=\"height:5px;width:0px\" aria-hidden=\"true\" class=\"wp-block-spacer wp-container-content-9760934e\"><\/div>\n\n\n\n<div class=\"wp-block-columns is-layout-flex wp-container-core-columns-is-layout-9ba6dbca wp-block-columns-is-layout-flex\">\n<div class=\"wp-block-column has-secondary-color has-text-color has-link-color wp-elements-d32cc328166fd7f010c95853029c149f is-layout-flow wp-block-column-is-layout-flow\" style=\"flex-basis:33.33%\">\n<div style=\"height:8px\" aria-hidden=\"true\" class=\"wp-block-spacer\"><\/div>\n\n\n\n<p class=\"wp-block-paragraph\" style=\"font-size:clamp(20.515px, 1.282rem + ((1vw - 3.2px) * 1.643), 33px);\"><strong>Half Marathon Magaluf<\/strong><\/p>\n\n\n\n<p class=\"has-primary-color has-text-color has-link-color wp-elements-0386ff29509cbf5775cc8826cda1f4fc wp-block-paragraph\" style=\"font-size:clamp(21.536px, 1.346rem + ((1vw - 3.2px) * 1.772), 35px);\">ET NECESSITA!<\/p>\n<\/div>\n\n\n\n<div class=\"wp-block-column is-layout-flow wp-block-column-is-layout-flow\" style=\"flex-basis:66.66%\">\n<div style=\"height:8px\" aria-hidden=\"true\" class=\"wp-block-spacer\"><\/div>\n\n\n\n<p class=\"has-primary-color has-text-color has-link-color wp-elements-43fe53da246ce72f4cf15f6b2af96f71 wp-block-paragraph\"><strong>Busquem persones com tu,<\/strong> amb energia, for\u00e7a i ganes de viure amb intensitat una experi\u00e8ncia inoblidable. L&#8217;any passat vam aconseguir formar un <strong>equip de m\u00e9s de 100 voluntaris<\/strong> . Aquest any volem repetir l\u00e8xit.<br> Si encara no has provat l&#8217;experi\u00e8ncia aix\u00ed, \u00e9s el moment d&#8217;apuntar-te com a voluntari\/\u00e0ria a aquest esdeveniment esportiu, et necessitem.<\/p>\n<\/div>\n<\/div>\n<\/div>\n\n\n\n<div class=\"wp-block-group alignfull has-global-padding is-content-justification-center is-layout-constrained wp-container-core-group-is-layout-8e0ea242 wp-block-group-is-layout-constrained\" style=\"margin-top:0;margin-bottom:0;padding-top:calc( 0.5 * var(--wp--style--root--padding-right, var(--wp--custom--gap--horizontal)));padding-right:var(--wp--style--root--padding-right, var(--wp--custom--gap--horizontal));padding-bottom:calc( 0.5 * var(--wp--style--root--padding-right, var(--wp--custom--gap--horizontal)));padding-left:var(--wp--style--root--padding-left, var(--wp--custom--gap--horizontal))\">\n<div style=\"height:8px\" aria-hidden=\"true\" class=\"wp-block-spacer\"><\/div>\n\n\n\n<div class=\"wp-block-group alignfull has-primary-color has-text-color has-link-color wp-elements-0162262473ec96f051623704b8660f1a has-global-padding is-content-justification-center is-layout-constrained wp-container-core-group-is-layout-d9f03d09 wp-block-group-is-layout-constrained\" style=\"margin-top:var(--wp--preset--spacing--30);margin-bottom:var(--wp--preset--spacing--30);padding-top:calc( 0.5 * var(--wp--style--root--padding-right, var(--wp--custom--gap--horizontal)));padding-right:var(--wp--style--root--padding-right, var(--wp--custom--gap--horizontal));padding-bottom:calc( 0.5 * var(--wp--style--root--padding-right, var(--wp--custom--gap--horizontal)));padding-left:var(--wp--style--root--padding-left, var(--wp--custom--gap--horizontal))\">\n<h2 class=\"wp-block-heading has-text-align-center has-secondary-color has-text-color has-link-color wp-elements-3b6e9f4cdc3beb15f2faacba365f0fc8\" style=\"font-size:clamp(1.403rem, 1.403rem + ((1vw - 0.2rem) * 1.888), 2.3rem);\">Les teves funcions<\/h2>\n\n\n\n<p class=\"has-text-align-center wp-block-paragraph\">Perqu\u00e8 els i les atletes puguin completar el seu repte i endur-se el record d&#8217;haver participat en aquesta mitja marat\u00f3, tu ets una pe\u00e7a clau. Ens pots ajudar a totes aquestes funcions<\/p>\n\n\n\n<div style=\"height:var(--wp--preset--spacing--30);width:0px\" aria-hidden=\"true\" class=\"wp-block-spacer\"><\/div>\n\n\n\n<div class=\"wp-block-columns alignwide is-layout-flex wp-container-core-columns-is-layout-9ba6dbca wp-block-columns-is-layout-flex\">\n<div class=\"wp-block-column has-border-color has-primary-border-color has-base-2-background-color has-background has-global-padding is-layout-constrained wp-container-core-column-is-layout-9deea51e wp-block-column-is-layout-constrained\" style=\"border-width:1px;padding-top:var(--wp--preset--spacing--30);padding-right:var(--wp--preset--spacing--40);padding-bottom:var(--wp--preset--spacing--50);padding-left:var(--wp--preset--spacing--40)\">\n<div style=\"height:6px\" aria-hidden=\"true\" class=\"wp-block-spacer\"><\/div>\n\n\n\n<p class=\"has-text-align-center has-base-color has-text-color has-background has-link-color wp-elements-a47c47000308ac3390167eb5af46f91c wp-block-paragraph\" style=\"background-color:#3c9bab;padding-top:var(--wp--preset--spacing--30);padding-bottom:var(--wp--preset--spacing--30);font-size:clamp(1.092rem, 1.092rem + ((1vw - 0.2rem) * 1.28), 1.7rem);\"><strong>LES TEVES FUNCIONS<\/strong><\/p>\n\n\n\n<h4 class=\"wp-block-heading has-text-align-center is-style-default\">Perqu\u00e8 els i les atletes puguin completar el seu repte i endur-se el record d&#8217;haver participat en aquesta mitja marat\u00f3, tu ets una pe\u00e7a clau. Ens pots ajudar a totes aquestes funcions<\/h4>\n\n\n\n<div class=\"wp-block-group is-vertical is-content-justification-stretch is-layout-flex wp-container-core-group-is-layout-376104a3 wp-block-group-is-layout-flex\">\n<div class=\"wp-block-group is-nowrap is-layout-flex wp-container-core-group-is-layout-9ba6dbca wp-block-group-is-layout-flex\">\n<p class=\"has-text-align-left has-contrast-2-color has-text-color has-link-color wp-elements-cacc53cd7e6b9ee7db759d40461ace81 wp-block-paragraph\"><strong>\u2726<\/strong><\/p>\n\n\n\n<p class=\"has-text-align-left has-contrast-color has-text-color has-link-color wp-elements-5a68208e3ed50ede7ed1db9ade283414 wp-block-paragraph\">Lliurament de dorsals als corredors<\/p>\n<\/div>\n\n\n\n<div class=\"wp-block-group is-nowrap is-layout-flex wp-container-core-group-is-layout-9ba6dbca wp-block-group-is-layout-flex\">\n<p class=\"has-text-align-left has-contrast-2-color has-text-color has-link-color wp-elements-cacc53cd7e6b9ee7db759d40461ace81 wp-block-paragraph\"><strong>\u2726<\/strong><\/p>\n\n\n\n<p class=\"has-text-align-left has-contrast-color has-text-color has-link-color wp-elements-2a7aa27373c961bdc1ddc644b15c95f7 wp-block-paragraph\">Muntatge de bossa de corredors<\/p>\n<\/div>\n\n\n\n<div class=\"wp-block-group is-nowrap is-layout-flex wp-container-core-group-is-layout-9ba6dbca wp-block-group-is-layout-flex\">\n<p class=\"has-text-align-left has-contrast-2-color has-text-color has-link-color wp-elements-cacc53cd7e6b9ee7db759d40461ace81 wp-block-paragraph\"><strong>\u2726<\/strong><\/p>\n\n\n\n<p class=\"has-text-align-left has-contrast-color has-text-color has-link-color wp-elements-a192cd8ded36f85af2e28b09bd0df670 wp-block-paragraph\">Repartir avituallament als participants durant el desenvolupament de la cursa<\/p>\n<\/div>\n\n\n\n<div class=\"wp-block-group is-nowrap is-layout-flex wp-container-core-group-is-layout-9ba6dbca wp-block-group-is-layout-flex\">\n<p class=\"has-text-align-left has-contrast-2-color has-text-color has-link-color wp-elements-cacc53cd7e6b9ee7db759d40461ace81 wp-block-paragraph\"><strong>\u2726<\/strong><\/p>\n\n\n\n<p class=\"has-text-align-left has-contrast-color has-text-color has-link-color wp-elements-e6f569d93e8a3e0959d25b94644a2b0d wp-block-paragraph\">Informar participants, familiars, aficionats, residents sobre l&#8217;esdeveniment<\/p>\n<\/div>\n\n\n\n<div class=\"wp-block-group is-nowrap is-layout-flex wp-container-core-group-is-layout-9ba6dbca wp-block-group-is-layout-flex\">\n<p class=\"has-text-align-left has-contrast-2-color has-text-color has-link-color wp-elements-cacc53cd7e6b9ee7db759d40461ace81 wp-block-paragraph\"><strong>\u2726<\/strong><\/p>\n\n\n\n<p class=\"has-text-align-left has-contrast-color has-text-color has-link-color wp-elements-c9d437cdc1c36c4712c6fb33cecd3e6f wp-block-paragraph\">Control de zones del circuit<\/p>\n<\/div>\n\n\n\n<div class=\"wp-block-group is-nowrap is-layout-flex wp-container-core-group-is-layout-9ba6dbca wp-block-group-is-layout-flex\">\n<p class=\"has-text-align-left has-contrast-2-color has-text-color has-link-color wp-elements-cacc53cd7e6b9ee7db759d40461ace81 wp-block-paragraph\"><strong>\u2726<\/strong><\/p>\n\n\n\n<p class=\"has-text-align-left has-contrast-color has-text-color has-link-color wp-elements-a2ce57b7cd0580d30cd547bfc7f57fee wp-block-paragraph\">Indicaci\u00f3 dels recorreguts<\/p>\n<\/div>\n\n\n\n<div class=\"wp-block-group is-nowrap is-layout-flex wp-container-core-group-is-layout-9ba6dbca wp-block-group-is-layout-flex\">\n<p class=\"has-text-align-left has-contrast-2-color has-text-color has-link-color wp-elements-cacc53cd7e6b9ee7db759d40461ace81 wp-block-paragraph\"><strong>\u2726<\/strong><\/p>\n\n\n\n<p class=\"has-text-align-left has-contrast-color has-text-color has-link-color wp-elements-79865d1647af44f14978ef446d8c3a29 wp-block-paragraph\">Distribuci\u00f3 de materials necessaris per a la prova<\/p>\n<\/div>\n\n\n\n<div class=\"wp-block-group is-nowrap is-layout-flex wp-container-core-group-is-layout-9ba6dbca wp-block-group-is-layout-flex\">\n<p class=\"has-text-align-left has-contrast-2-color has-text-color has-link-color wp-elements-cacc53cd7e6b9ee7db759d40461ace81 wp-block-paragraph\"><strong>\u2726<\/strong><\/p>\n\n\n\n<p class=\"has-text-align-left has-contrast-color has-text-color has-link-color wp-elements-c379e2fe8020b0f8dad6d6d28e730193 wp-block-paragraph\">Ajuda a l&#8217;organitzaci\u00f3 d&#8217;activitats paral\u00b7leles<\/p>\n<\/div>\n<\/div>\n\n\n\n<div style=\"height:16px\" aria-hidden=\"true\" class=\"wp-block-spacer\"><\/div>\n\n\n\n<div class=\"wp-block-buttons is-content-justification-center is-layout-flex wp-container-core-buttons-is-layout-ee856660 wp-block-buttons-is-layout-flex\">\n<div style=\"--wp--block-button--width: 100;\" class=\"wp-block-button is-style-outline has-custom-width wp-block-button__width wp-block-button__width-100 is-style-outline--2\"><a class=\"wp-block-button__link has-background wp-element-button\" href=\"https:\/\/docs.google.com\/forms\/d\/e\/1FAIpQLSd5UusX-1wq68EEXz-MwYS6PXAD11MkjX0pz2GPolbpQWwIUg\/viewform\" style=\"background-color:#3c9aab54\" target=\"_blank\" rel=\"noreferrer noopener\">Vull ser voluntari!<\/a><\/div>\n<\/div>\n\n\n\n<div style=\"height:16px\" aria-hidden=\"true\" class=\"wp-block-spacer\"><\/div>\n<\/div>\n<\/div>\n\n\n\n<div style=\"height:2px\" aria-hidden=\"true\" class=\"wp-block-spacer\"><\/div>\n<\/div>\n<\/div>\n\n\n\n<div class=\"wp-block-group alignfull has-base-color has-text-color has-background has-link-color wp-elements-6f7b2e00449b02f075cee50b6ad0e1b2 has-global-padding is-content-justification-center is-layout-constrained wp-container-core-group-is-layout-b36a7844 wp-block-group-is-layout-constrained\" style=\"background-color:#3c9bab;margin-top:0;margin-bottom:0;padding-top:calc( 0.5 * var(--wp--style--root--padding-right, var(--wp--custom--gap--horizontal)));padding-right:var(--wp--style--root--padding-right, var(--wp--custom--gap--horizontal));padding-bottom:calc( 0.5 * var(--wp--style--root--padding-right, var(--wp--custom--gap--horizontal)));padding-left:var(--wp--style--root--padding-left, var(--wp--custom--gap--horizontal))\">\n<div style=\"height:calc( 0.25 * var(--wp--style--root--padding-right, var(--wp--custom--gap--horizontal)))\" aria-hidden=\"true\" class=\"wp-block-spacer\"><\/div>\n\n\n\n<div class=\"wp-block-columns alignwide are-vertically-aligned-center is-layout-flex wp-container-core-columns-is-layout-9ba6dbca wp-block-columns-is-layout-flex\">\n<div class=\"wp-block-column is-vertically-aligned-center has-global-padding is-content-justification-left is-layout-constrained wp-container-core-column-is-layout-bcae50a1 wp-block-column-is-layout-constrained\" style=\"padding-top:0;padding-bottom:0;flex-basis:60%\">\n<h2 class=\"wp-block-heading has-text-align-left has-large-font-size\"><strong>EL TEU PREMI<\/strong><\/h2>\n\n\n\n<div style=\"height:11px\" aria-hidden=\"true\" class=\"wp-block-spacer\"><\/div>\n\n\n\n<p class=\"wp-block-paragraph\">Formar part d&#8217;un equip motivat per crear un gran esdeveniment esportiu i gaudir d&#8217;uns dies d&#8217;ambient esportiu juntament amb altres persones (participants i organitzaci\u00f3) que hi participen. A m\u00e9s, entrar al sorteig de regals i promocions relacionades amb la cursa.<\/p>\n<\/div>\n\n\n\n<div class=\"wp-block-column is-vertically-aligned-center is-layout-flow wp-container-core-column-is-layout-b974e121 wp-block-column-is-layout-flow\" style=\"flex-basis:40%\">\n<div class=\"wp-block-buttons is-content-justification-center is-layout-flex wp-container-core-buttons-is-layout-ee856660 wp-block-buttons-is-layout-flex\">\n<div class=\"wp-block-button is-style-outline is-style-outline--3\"><a class=\"wp-block-button__link has-background wp-element-button\" href=\"https:\/\/docs.google.com\/forms\/d\/e\/1FAIpQLSd5UusX-1wq68EEXz-MwYS6PXAD11MkjX0pz2GPolbpQWwIUg\/viewform\" style=\"background-color:#3c9bab\" target=\"_blank\" rel=\"noreferrer noopener\">Inscripcions Voluntaris<\/a><\/div>\n<\/div>\n<\/div>\n<\/div>\n\n\n\n<div style=\"height:3px\" aria-hidden=\"true\" class=\"wp-block-spacer\"><\/div>\n<\/div>\n\n\n\n<div class=\"wp-block-cover alignfull\" style=\"padding-top:var(--wp--preset--spacing--40);padding-right:0;padding-bottom:var(--wp--preset--spacing--40);padding-left:0;min-height:841px;aspect-ratio:unset;\"><img data-recalc-dims=\"1\" decoding=\"async\" width=\"2000\" height=\"1333\" class=\"wp-block-cover__image-background wp-image-674\" alt=\"Voluntarios Half Marathon Magaluf\" src=\"https:\/\/i0.wp.com\/halfmarathonmagaluf.com\/wp-content\/uploads\/2024\/07\/voluntarios-half-marathon-magaluf-scaled.webp?resize=2000%2C1333&#038;ssl=1\" style=\"object-position:51% 38%\" data-object-fit=\"cover\" data-object-position=\"51% 38%\" srcset=\"https:\/\/i0.wp.com\/halfmarathonmagaluf.com\/wp-content\/uploads\/2024\/07\/voluntarios-half-marathon-magaluf-scaled.webp?w=2000&amp;ssl=1 2000w, https:\/\/i0.wp.com\/halfmarathonmagaluf.com\/wp-content\/uploads\/2024\/07\/voluntarios-half-marathon-magaluf-scaled.webp?resize=300%2C200&amp;ssl=1 300w, https:\/\/i0.wp.com\/halfmarathonmagaluf.com\/wp-content\/uploads\/2024\/07\/voluntarios-half-marathon-magaluf-scaled.webp?resize=1024%2C683&amp;ssl=1 1024w, https:\/\/i0.wp.com\/halfmarathonmagaluf.com\/wp-content\/uploads\/2024\/07\/voluntarios-half-marathon-magaluf-scaled.webp?resize=768%2C512&amp;ssl=1 768w, https:\/\/i0.wp.com\/halfmarathonmagaluf.com\/wp-content\/uploads\/2024\/07\/voluntarios-half-marathon-magaluf-scaled.webp?resize=1536%2C1024&amp;ssl=1 1536w, https:\/\/i0.wp.com\/halfmarathonmagaluf.com\/wp-content\/uploads\/2024\/07\/voluntarios-half-marathon-magaluf-scaled.webp?resize=1200%2C800&amp;ssl=1 1200w\" sizes=\"(max-width: 1000px) 100vw, 1000px\" \/><span aria-hidden=\"true\" class=\"wp-block-cover__background has-background-dim-30 has-background-dim\" style=\"background-color:#010101\"><\/span><div class=\"wp-block-cover__inner-container has-global-padding is-layout-constrained wp-container-core-cover-is-layout-38e92397 wp-block-cover-is-layout-constrained\">\n<div class=\"wp-block-group alignwide is-layout-flow wp-block-group-is-layout-flow\" style=\"margin-top:0;margin-bottom:0;padding-top:0;padding-right:var(--wp--preset--spacing--50);padding-bottom:0;padding-left:var(--wp--preset--spacing--50)\">\n<div style=\"height:26px\" aria-hidden=\"true\" class=\"wp-block-spacer\"><\/div>\n<\/div>\n<\/div><\/div>\n<\/main>\n","protected":false},"excerpt":{"rendered":"<p>Half Marathon Magaluf ET NECESSITA! Busquem persones com tu, amb energia, for\u00e7a i ganes de viure amb intensitat una experi\u00e8ncia inoblidable. L&#8217;any passat vam aconseguir formar un equip de m\u00e9s de 100 voluntaris . Aquest any volem repetir l\u00e8xit. Si encara no has provat l&#8217;experi\u00e8ncia aix\u00ed, \u00e9s el moment d&#8217;apuntar-te com a voluntari\/\u00e0ria a aquest [&hellip;]<\/p>\n","protected":false},"author":235573868,"featured_media":0,"parent":0,"menu_order":0,"comment_status":"closed","ping_status":"closed","template":"","meta":{"_crdt_document":"","footnotes":""},"class_list":["post-2168","page","type-page","status-publish","hentry"],"yoast_head":"<!-- This site is optimized with the Yoast SEO plugin v27.4 - https:\/\/yoast.com\/product\/yoast-seo-wordpress\/ -->\n<title>Volun -<\/title>\n<meta name=\"robots\" content=\"index, follow, max-snippet:-1, max-image-preview:large, max-video-preview:-1\" \/>\n<link rel=\"canonical\" href=\"https:\/\/halfmarathonmagaluf.com\/ca\/volun\/\" \/>\n<meta property=\"og:locale\" content=\"ca_ES\" \/>\n<meta property=\"og:type\" content=\"article\" \/>\n<meta property=\"og:title\" content=\"Volun -\" \/>\n<meta property=\"og:description\" content=\"Half Marathon Magaluf ET NECESSITA! Busquem persones com tu, amb energia, for\u00e7a i ganes de viure amb intensitat una experi\u00e8ncia inoblidable. L&#8217;any passat vam aconseguir formar un equip de m\u00e9s de 100 voluntaris . Aquest any volem repetir l\u00e8xit. Si encara no has provat l&#8217;experi\u00e8ncia aix\u00ed, \u00e9s el moment d&#8217;apuntar-te com a voluntari\/\u00e0ria a aquest [&hellip;]\" \/>\n<meta property=\"og:url\" content=\"https:\/\/halfmarathonmagaluf.com\/ca\/volun\/\" \/>\n<meta property=\"article:modified_time\" content=\"2026-03-23T12:35:20+00:00\" \/>\n<meta property=\"og:image\" content=\"https:\/\/halfmarathonmagaluf.com\/wp-content\/uploads\/2024\/07\/hml095-scaled.webp\" \/>\n<meta name=\"twitter:card\" content=\"summary_large_image\" \/>\n<meta name=\"twitter:label1\" content=\"Temps estimat de lectura\" \/>\n\t<meta name=\"twitter:data1\" content=\"2 minuts\" \/>\n<script type=\"application\/ld+json\" class=\"yoast-schema-graph\">{\"@context\":\"https:\\\/\\\/schema.org\",\"@graph\":[{\"@type\":\"WebPage\",\"@id\":\"https:\\\/\\\/halfmarathonmagaluf.com\\\/ca\\\/volun\\\/\",\"url\":\"https:\\\/\\\/halfmarathonmagaluf.com\\\/ca\\\/volun\\\/\",\"name\":\"Volun -\",\"isPartOf\":{\"@id\":\"https:\\\/\\\/halfmarathonmagaluf.com\\\/ca\\\/#website\"},\"primaryImageOfPage\":{\"@id\":\"https:\\\/\\\/halfmarathonmagaluf.com\\\/ca\\\/volun\\\/#primaryimage\"},\"image\":{\"@id\":\"https:\\\/\\\/halfmarathonmagaluf.com\\\/ca\\\/volun\\\/#primaryimage\"},\"thumbnailUrl\":\"https:\\\/\\\/halfmarathonmagaluf.com\\\/wp-content\\\/uploads\\\/2024\\\/07\\\/hml095-scaled.webp\",\"datePublished\":\"2025-01-17T08:34:26+00:00\",\"dateModified\":\"2026-03-23T12:35:20+00:00\",\"breadcrumb\":{\"@id\":\"https:\\\/\\\/halfmarathonmagaluf.com\\\/ca\\\/volun\\\/#breadcrumb\"},\"inLanguage\":\"ca\",\"potentialAction\":[{\"@type\":\"ReadAction\",\"target\":[\"https:\\\/\\\/halfmarathonmagaluf.com\\\/ca\\\/volun\\\/\"]}]},{\"@type\":\"ImageObject\",\"inLanguage\":\"ca\",\"@id\":\"https:\\\/\\\/halfmarathonmagaluf.com\\\/ca\\\/volun\\\/#primaryimage\",\"url\":\"https:\\\/\\\/halfmarathonmagaluf.com\\\/wp-content\\\/uploads\\\/2024\\\/07\\\/hml095-scaled.webp\",\"contentUrl\":\"https:\\\/\\\/halfmarathonmagaluf.com\\\/wp-content\\\/uploads\\\/2024\\\/07\\\/hml095-scaled.webp\"},{\"@type\":\"BreadcrumbList\",\"@id\":\"https:\\\/\\\/halfmarathonmagaluf.com\\\/ca\\\/volun\\\/#breadcrumb\",\"itemListElement\":[{\"@type\":\"ListItem\",\"position\":1,\"name\":\"Portada\",\"item\":\"https:\\\/\\\/halfmarathonmagaluf.com\\\/ca\\\/\"},{\"@type\":\"ListItem\",\"position\":2,\"name\":\"Volun\"}]},{\"@type\":\"WebSite\",\"@id\":\"https:\\\/\\\/halfmarathonmagaluf.com\\\/ca\\\/#website\",\"url\":\"https:\\\/\\\/halfmarathonmagaluf.com\\\/ca\\\/\",\"name\":\"Half Marathon Magaluf\",\"description\":\"Half Marathon Magaluf, la mejor Media marat\u00f3n en Mallorca. Disfruta de un lugar espectacular y servicios \u00fanicos, en dos distancias 10 y 21 km\",\"publisher\":{\"@id\":\"https:\\\/\\\/halfmarathonmagaluf.com\\\/ca\\\/#organization\"},\"alternateName\":\"Media marat\u00f3n Magaluf\",\"potentialAction\":[{\"@type\":\"SearchAction\",\"target\":{\"@type\":\"EntryPoint\",\"urlTemplate\":\"https:\\\/\\\/halfmarathonmagaluf.com\\\/ca\\\/?s={search_term_string}\"},\"query-input\":{\"@type\":\"PropertyValueSpecification\",\"valueRequired\":true,\"valueName\":\"search_term_string\"}}],\"inLanguage\":\"ca\"},{\"@type\":\"Organization\",\"@id\":\"https:\\\/\\\/halfmarathonmagaluf.com\\\/ca\\\/#organization\",\"name\":\"Half Marathon Magaluf\",\"url\":\"https:\\\/\\\/halfmarathonmagaluf.com\\\/ca\\\/\",\"logo\":{\"@type\":\"ImageObject\",\"inLanguage\":\"ca\",\"@id\":\"https:\\\/\\\/halfmarathonmagaluf.com\\\/ca\\\/#\\\/schema\\\/logo\\\/image\\\/\",\"url\":\"https:\\\/\\\/i0.wp.com\\\/halfmarathonmagaluf.com\\\/wp-content\\\/uploads\\\/2024\\\/01\\\/logo-hmm-blanco-23.png?fit=463%2C388&ssl=1\",\"contentUrl\":\"https:\\\/\\\/i0.wp.com\\\/halfmarathonmagaluf.com\\\/wp-content\\\/uploads\\\/2024\\\/01\\\/logo-hmm-blanco-23.png?fit=463%2C388&ssl=1\",\"width\":463,\"height\":388,\"caption\":\"Half Marathon Magaluf\"},\"image\":{\"@id\":\"https:\\\/\\\/halfmarathonmagaluf.com\\\/ca\\\/#\\\/schema\\\/logo\\\/image\\\/\"}}]}<\/script>\n<!-- \/ Yoast SEO plugin. -->","yoast_head_json":{"title":"Volun -","robots":{"index":"index","follow":"follow","max-snippet":"max-snippet:-1","max-image-preview":"max-image-preview:large","max-video-preview":"max-video-preview:-1"},"canonical":"https:\/\/halfmarathonmagaluf.com\/ca\/volun\/","og_locale":"ca_ES","og_type":"article","og_title":"Volun -","og_description":"Half Marathon Magaluf ET NECESSITA! Busquem persones com tu, amb energia, for\u00e7a i ganes de viure amb intensitat una experi\u00e8ncia inoblidable. L&#8217;any passat vam aconseguir formar un equip de m\u00e9s de 100 voluntaris . Aquest any volem repetir l\u00e8xit. Si encara no has provat l&#8217;experi\u00e8ncia aix\u00ed, \u00e9s el moment d&#8217;apuntar-te com a voluntari\/\u00e0ria a aquest [&hellip;]","og_url":"https:\/\/halfmarathonmagaluf.com\/ca\/volun\/","article_modified_time":"2026-03-23T12:35:20+00:00","og_image":[{"url":"https:\/\/halfmarathonmagaluf.com\/wp-content\/uploads\/2024\/07\/hml095-scaled.webp","type":"","width":"","height":""}],"twitter_card":"summary_large_image","twitter_misc":{"Temps estimat de lectura":"2 minuts"},"schema":{"@context":"https:\/\/schema.org","@graph":[{"@type":"WebPage","@id":"https:\/\/halfmarathonmagaluf.com\/ca\/volun\/","url":"https:\/\/halfmarathonmagaluf.com\/ca\/volun\/","name":"Volun -","isPartOf":{"@id":"https:\/\/halfmarathonmagaluf.com\/ca\/#website"},"primaryImageOfPage":{"@id":"https:\/\/halfmarathonmagaluf.com\/ca\/volun\/#primaryimage"},"image":{"@id":"https:\/\/halfmarathonmagaluf.com\/ca\/volun\/#primaryimage"},"thumbnailUrl":"https:\/\/halfmarathonmagaluf.com\/wp-content\/uploads\/2024\/07\/hml095-scaled.webp","datePublished":"2025-01-17T08:34:26+00:00","dateModified":"2026-03-23T12:35:20+00:00","breadcrumb":{"@id":"https:\/\/halfmarathonmagaluf.com\/ca\/volun\/#breadcrumb"},"inLanguage":"ca","potentialAction":[{"@type":"ReadAction","target":["https:\/\/halfmarathonmagaluf.com\/ca\/volun\/"]}]},{"@type":"ImageObject","inLanguage":"ca","@id":"https:\/\/halfmarathonmagaluf.com\/ca\/volun\/#primaryimage","url":"https:\/\/halfmarathonmagaluf.com\/wp-content\/uploads\/2024\/07\/hml095-scaled.webp","contentUrl":"https:\/\/halfmarathonmagaluf.com\/wp-content\/uploads\/2024\/07\/hml095-scaled.webp"},{"@type":"BreadcrumbList","@id":"https:\/\/halfmarathonmagaluf.com\/ca\/volun\/#breadcrumb","itemListElement":[{"@type":"ListItem","position":1,"name":"Portada","item":"https:\/\/halfmarathonmagaluf.com\/ca\/"},{"@type":"ListItem","position":2,"name":"Volun"}]},{"@type":"WebSite","@id":"https:\/\/halfmarathonmagaluf.com\/ca\/#website","url":"https:\/\/halfmarathonmagaluf.com\/ca\/","name":"Half Marathon Magaluf","description":"Half Marathon Magaluf, la mejor Media marat\u00f3n en Mallorca. Disfruta de un lugar espectacular y servicios \u00fanicos, en dos distancias 10 y 21 km","publisher":{"@id":"https:\/\/halfmarathonmagaluf.com\/ca\/#organization"},"alternateName":"Media marat\u00f3n Magaluf","potentialAction":[{"@type":"SearchAction","target":{"@type":"EntryPoint","urlTemplate":"https:\/\/halfmarathonmagaluf.com\/ca\/?s={search_term_string}"},"query-input":{"@type":"PropertyValueSpecification","valueRequired":true,"valueName":"search_term_string"}}],"inLanguage":"ca"},{"@type":"Organization","@id":"https:\/\/halfmarathonmagaluf.com\/ca\/#organization","name":"Half Marathon Magaluf","url":"https:\/\/halfmarathonmagaluf.com\/ca\/","logo":{"@type":"ImageObject","inLanguage":"ca","@id":"https:\/\/halfmarathonmagaluf.com\/ca\/#\/schema\/logo\/image\/","url":"https:\/\/i0.wp.com\/halfmarathonmagaluf.com\/wp-content\/uploads\/2024\/01\/logo-hmm-blanco-23.png?fit=463%2C388&ssl=1","contentUrl":"https:\/\/i0.wp.com\/halfmarathonmagaluf.com\/wp-content\/uploads\/2024\/01\/logo-hmm-blanco-23.png?fit=463%2C388&ssl=1","width":463,"height":388,"caption":"Half Marathon Magaluf"},"image":{"@id":"https:\/\/halfmarathonmagaluf.com\/ca\/#\/schema\/logo\/image\/"}}]}},"jetpack_likes_enabled":true,"jetpack_sharing_enabled":true,"jetpack_shortlink":"https:\/\/wp.me\/Pfql6N-yY","jetpack-related-posts":[],"_links":{"self":[{"href":"https:\/\/halfmarathonmagaluf.com\/ca\/wp-json\/wp\/v2\/pages\/2168","targetHints":{"allow":["GET"]}}],"collection":[{"href":"https:\/\/halfmarathonmagaluf.com\/ca\/wp-json\/wp\/v2\/pages"}],"about":[{"href":"https:\/\/halfmarathonmagaluf.com\/ca\/wp-json\/wp\/v2\/types\/page"}],"author":[{"embeddable":true,"href":"https:\/\/halfmarathonmagaluf.com\/ca\/wp-json\/wp\/v2\/users\/235573868"}],"replies":[{"embeddable":true,"href":"https:\/\/halfmarathonmagaluf.com\/ca\/wp-json\/wp\/v2\/comments?post=2168"}],"version-history":[{"count":3,"href":"https:\/\/halfmarathonmagaluf.com\/ca\/wp-json\/wp\/v2\/pages\/2168\/revisions"}],"predecessor-version":[{"id":7172,"href":"https:\/\/halfmarathonmagaluf.com\/ca\/wp-json\/wp\/v2\/pages\/2168\/revisions\/7172"}],"wp:attachment":[{"href":"https:\/\/halfmarathonmagaluf.com\/ca\/wp-json\/wp\/v2\/media?parent=2168"}],"curies":[{"name":"wp","href":"https:\/\/api.w.org\/{rel}","templated":true}]}}