{"id":4085,"date":"2025-05-14T09:22:20","date_gmt":"2025-05-14T07:22:20","guid":{"rendered":"https:\/\/halfmarathonmagaluf.com\/cancellacio-i-politica-de-devolucions\/"},"modified":"2026-08-19T08:38:23","modified_gmt":"2026-08-19T06:38:23","slug":"cancellacio-i-politica-de-devolucions","status":"publish","type":"page","link":"https:\/\/halfmarathonmagaluf.com\/ca\/cancellacio-i-politica-de-devolucions\/","title":{"rendered":"Cancel\u00b7laci\u00f3 i Pol\u00edtica de devolucions"},"content":{"rendered":"\n<div class=\"wp-block-cover alignfull\" style=\"padding-top:var(--wp--preset--spacing--40);padding-right:0;padding-bottom:var(--wp--preset--spacing--40);padding-left:0;min-height:318px;aspect-ratio:unset;\"><img data-recalc-dims=\"1\" decoding=\"async\" width=\"1024\" height=\"682\" class=\"wp-block-cover__image-background wp-image-3841 size-large\" alt=\"Half Marathon Magaluf-82\" src=\"https:\/\/i0.wp.com\/halfmarathonmagaluf.com\/wp-content\/uploads\/2025\/05\/half-marathon-magaluf-82.webp?resize=1024%2C682&#038;ssl=1\" style=\"object-position:58% 46%\" data-object-fit=\"cover\" data-object-position=\"58% 46%\" srcset=\"https:\/\/i0.wp.com\/halfmarathonmagaluf.com\/wp-content\/uploads\/2025\/05\/half-marathon-magaluf-82.webp?resize=1024%2C682&amp;ssl=1 1024w, https:\/\/i0.wp.com\/halfmarathonmagaluf.com\/wp-content\/uploads\/2025\/05\/half-marathon-magaluf-82.webp?resize=300%2C200&amp;ssl=1 300w, https:\/\/i0.wp.com\/halfmarathonmagaluf.com\/wp-content\/uploads\/2025\/05\/half-marathon-magaluf-82.webp?resize=768%2C512&amp;ssl=1 768w, https:\/\/i0.wp.com\/halfmarathonmagaluf.com\/wp-content\/uploads\/2025\/05\/half-marathon-magaluf-82.webp?resize=1536%2C1024&amp;ssl=1 1536w, https:\/\/i0.wp.com\/halfmarathonmagaluf.com\/wp-content\/uploads\/2025\/05\/half-marathon-magaluf-82.webp?w=2000&amp;ssl=1 2000w\" sizes=\"(max-width: 1000px) 100vw, 1000px\" \/><span aria-hidden=\"true\" class=\"wp-block-cover__background has-background-dim-30 has-background-dim\" style=\"background-color:#010101\"><\/span><div class=\"wp-block-cover__inner-container has-global-padding is-layout-constrained wp-container-core-cover-is-layout-38e92397 wp-block-cover-is-layout-constrained\">\n<div class=\"wp-block-group alignwide is-layout-flow wp-block-group-is-layout-flow\" style=\"margin-top:0;margin-bottom:0;padding-top:0;padding-right:var(--wp--preset--spacing--50);padding-bottom:0;padding-left:var(--wp--preset--spacing--50)\">\n<div style=\"height:26px\" aria-hidden=\"true\" class=\"wp-block-spacer\"><\/div>\n\n\n\n<div class=\"wp-block-columns alignwide is-layout-flex wp-container-core-columns-is-layout-9ba6dbca wp-block-columns-is-layout-flex\">\n<div class=\"wp-block-column is-layout-flow wp-block-column-is-layout-flow\" style=\"padding-right:0;flex-basis:60%\">\n<h2 class=\"wp-block-heading has-text-align-left alignwide text-balance has-text-color has-link-color has-xx-large-font-size wp-elements-1\" style=\"color:#fefefe;margin-top:0;margin-right:0;margin-bottom:0;margin-left:0\">Cancel\u00b7laci\u00f3 i Pol\u00edtica de devolucions<\/h2>\n\n\n\n<div class=\"wp-block-buttons is-layout-flex wp-block-buttons-is-layout-flex\">\n<div class=\"wp-block-button is-style-outline is-style-outline--1\"><a class=\"wp-block-button__link has-base-color has-text-color has-background has-link-color wp-element-button\" href=\"https:\/\/forms.gle\/kbEAdo9YMjzuamDE8\" style=\"background-color:#ffffff12\">SOL\u00b7LICITAR CANCEL\u00b7LACI\u00d3<\/a><\/div>\n<\/div>\n<\/div>\n<\/div>\n\n\n\n<div style=\"height:23px\" aria-hidden=\"true\" class=\"wp-block-spacer\"><\/div>\n<\/div>\n<\/div><\/div>\n\n\n\n<div class=\"wp-block-group alignfull has-global-padding is-layout-constrained wp-container-core-group-is-layout-5bc5e27e wp-block-group-is-layout-constrained\" style=\"margin-top:0;margin-bottom:0;padding-top:calc( 0.5 * var(--wp--style--root--padding-right, var(--wp--custom--gap--horizontal)));padding-right:var(--wp--style--root--padding-right, var(--wp--custom--gap--horizontal));padding-bottom:calc( 0.5 * var(--wp--style--root--padding-right, var(--wp--custom--gap--horizontal)));padding-left:var(--wp--style--root--padding-left, var(--wp--custom--gap--horizontal))\">\n<div style=\"height:0px;width:0px\" aria-hidden=\"true\" class=\"wp-block-spacer\"><\/div>\n\n\n\n<div class=\"wp-block-columns alignwide has-background is-layout-flex wp-container-core-columns-is-layout-a2a7a419 wp-block-columns-is-layout-flex\" style=\"background-color:#f5f0e473\">\n<div class=\"wp-block-column is-layout-flow wp-block-column-is-layout-flow\" style=\"border-right-color:var(--wp--preset--color--theme-2);border-right-width:1px;padding-right:var(--wp--preset--spacing--30)\">\n<h3 class=\"wp-block-heading has-text-align-left is-service-name has-text-color has-link-color wp-elements-2\" style=\"color:#3c9bab\"><strong>CANCEL\u00b7LACI\u00d3 I POL\u00cdTICA DE DEVOLUCIONS<\/strong><\/h3>\n\n\n\n<p class=\"has-text-align-left is-service-description has-primary-color has-text-color has-link-color wp-elements-3 wp-block-paragraph\">La inscripci\u00f3 a aquesta carrera implica la reserva de pla\u00e7a.<\/p>\n\n\n\n<p class=\"has-text-align-left is-service-description has-primary-color has-text-color has-link-color wp-elements-4 wp-block-paragraph\">Si la persona participant una vegada inscrita desitja cancel\u00b7lar la seva inscripci\u00f3, aquestes s\u00f3n les condicions:<\/p>\n\n\n\n<div style=\"height:0px\" aria-hidden=\"true\" class=\"wp-block-spacer\"><\/div>\n<\/div>\n\n\n\n<div class=\"wp-block-column is-layout-flow wp-block-column-is-layout-flow\" style=\"border-right-color:var(--wp--preset--color--theme-2);border-right-width:1px;padding-right:var(--wp--preset--spacing--30)\">\n<h3 class=\"wp-block-heading has-text-align-left is-service-name has-text-color has-link-color wp-elements-5\" style=\"color:#3c9bab\">Informaci\u00f3 de carrera<\/h3>\n\n\n\n<p class=\"has-text-align-left is-service-description has-primary-color has-text-color has-link-color wp-elements-6 wp-block-paragraph\"><strong><a href=\"https:\/\/drive.google.com\/file\/d\/1MbbUeWNsEAmmLPv2NZx4J33uHntTtMwa\/view?usp=drive_link\">Reglament oficial <\/a><\/strong>de les carreres.<\/p>\n\n\n\n<p class=\"has-text-align-left is-service-description has-primary-color has-text-color has-link-color wp-elements-7 wp-block-paragraph\"><strong><a href=\"https:\/\/drive.google.com\/file\/d\/1IGgLW_huxKzfdlREFyBlJFhm_4uE-NFL\/view?usp=drive_link\">Cl\u00e0usula de responsabilitat<\/a><\/strong> del participant.<\/p>\n\n\n\n<div style=\"height:15px\" aria-hidden=\"true\" class=\"wp-block-spacer\"><\/div>\n<\/div>\n<\/div>\n\n\n\n<div style=\"height:0px;width:0px\" aria-hidden=\"true\" class=\"wp-block-spacer\"><\/div>\n<\/div>\n\n\n\n<div class=\"wp-block-group alignfull has-base-color has-text-color has-background has-link-color wp-elements-8 has-global-padding is-content-justification-center is-layout-constrained wp-container-core-group-is-layout-0daa8362 wp-block-group-is-layout-constrained\" style=\"background-color:#3c9bab;margin-top:0;margin-bottom:0;padding-top:calc( 0.5 * var(--wp--style--root--padding-right, var(--wp--custom--gap--horizontal)));padding-right:var(--wp--style--root--padding-right, var(--wp--custom--gap--horizontal));padding-bottom:calc( 0.5 * var(--wp--style--root--padding-right, var(--wp--custom--gap--horizontal)));padding-left:var(--wp--style--root--padding-left, var(--wp--custom--gap--horizontal))\">\n<div style=\"height:calc( 0.25 * var(--wp--style--root--padding-right, var(--wp--custom--gap--horizontal)))\" aria-hidden=\"true\" class=\"wp-block-spacer\"><\/div>\n\n\n\n<div style=\"height:3px\" aria-hidden=\"true\" class=\"wp-block-spacer\"><\/div>\n\n\n\n<figure class=\"wp-block-table\"><table class=\"has-fixed-layout\"><thead><tr><th><strong>Data de cancel\u00b7laci\u00f3<\/strong><\/th><th><strong>% de devoluci\u00f3 per cancel\u00b7laci\u00f3<\/strong><\/th><\/tr><\/thead><tbody><tr><td>Abans del 31 de desembre de 2026<\/td><td><em>75% de reemborsament del cost d&#8217;inscripci\u00f3 (excloent les comissions de plataforma)<\/em><\/td><\/tr><tr><td>Des de l&#8217;1 de gener al 28 de febrer de 2027<\/td><td><em>50% de reemborsament del cost d&#8217;inscripci\u00f3 (excloent les comissions de plataforma)<\/em><\/td><\/tr><tr><td>De l&#8217;1 al 31 de mar\u00e7 de 2027<\/td><td><em>25% de reemborsament del cost d&#8217;inscripci\u00f3 (excloent les comissions de plataforma)<\/em><\/td><\/tr><tr><td>No hi ha devoluci\u00f3 a partir de l&#8217;1 d&#8217;abril de 2027<\/td><td><em>No hi ha possibilitat de devoluci\u00f3<\/em><\/td><\/tr><\/tbody><\/table><\/figure>\n\n\n\n<div style=\"height:3px\" aria-hidden=\"true\" class=\"wp-block-spacer\"><\/div>\n\n\n\n<div style=\"height:13px\" aria-hidden=\"true\" class=\"wp-block-spacer\"><\/div>\n\n\n\n<p class=\"wp-block-paragraph\">Una vegada confirmada que la identitat i la informaci\u00f3 del participant compleixen els requisits, els reemborsaments es processaran de manera seq\u00fcencial. Els sol\u00b7licitants de reemborsament perdran el seu dret a participar i no podran recollir els materials relacionats amb la inscripci\u00f3 a l&#8217;esdeveniment. <\/p>\n\n\n\n<div style=\"height:27px\" aria-hidden=\"true\" class=\"wp-block-spacer\"><\/div>\n<\/div>\n\n\n\n<p class=\"wp-block-paragraph\"><\/p>\n\n\n\n<div style=\"height:25px\" aria-hidden=\"true\" class=\"wp-block-spacer\"><\/div>\n\n\n\n<blockquote class=\"wp-block-quote has-luminous-vivid-amber-background-color has-background is-layout-flow wp-block-quote-is-layout-flow\">\n<p class=\"has-contrast-color has-text-color has-link-color wp-elements-9 wp-block-paragraph\"><strong>Passos per a sol\u00b7licitar CANCEL\u00b7LACI\u00d3 I REEMBORSAMENT<\/strong><\/p>\n<\/blockquote>\n\n\n\n<div style=\"height:14px\" aria-hidden=\"true\" class=\"wp-block-spacer\"><\/div>\n\n\n\n<details class=\"wp-block-details has-contrast-color has-tertiary-background-color has-text-color has-background has-link-color wp-elements-10 is-layout-flow wp-block-details-is-layout-flow\"><summary>Pas 1: Completa el formulari mb totes les dades:<\/summary>\n<div class=\"wp-block-buttons is-layout-flex wp-block-buttons-is-layout-flex\">\n<div class=\"wp-block-button is-style-outline is-style-outline--2\"><a class=\"wp-block-button__link has-custom-font-size wp-element-button\" href=\"https:\/\/forms.gle\/kbEAdo9YMjzuamDE8\" style=\"font-size:13px\" target=\"_blank\" rel=\"noopener\">Completa el formulari<\/a><\/div>\n<\/div>\n<\/details>\n\n\n\n<details class=\"wp-block-details has-contrast-color has-text-color has-background has-link-color wp-elements-11 is-layout-flow wp-block-details-is-layout-flow\" style=\"background-color:#f4f4f4\"><summary>Pas 2: Processem la cancel\u00b7laci\u00f3:<\/summary>\n<p class=\"wp-block-paragraph\">Una vegada rebut el formulari, processarem la cancel\u00b7laci\u00f3 i el reemborsament corresponent. Ser\u00e0 en un termini d&#8217;1 a 15 dies des de la recepci\u00f3 de la teva sol\u00b7licitud. Per a establir el reemborsament que et correspon tindrem en compte la data d&#8217;enviament del formulari.   <\/p>\n<\/details>\n\n\n\n<details class=\"wp-block-details has-contrast-color has-tertiary-background-color has-text-color has-background has-link-color wp-elements-12 is-layout-flow wp-block-details-is-layout-flow\"><summary>Pas 3: Contestaci\u00f3 cancel\u00b7laci\u00f3:<\/summary>\n<p class=\"wp-block-paragraph\">T&#8217;enviarem un correu electr\u00f2nic on et confirmarem la cancel\u00b7laci\u00f3 de la inscripci\u00f3 i el reemborsament de la quantitat que et correspongui segons el moment en qu\u00e8 hagis cancel\u00b7lat.<\/p>\n<\/details>\n\n\n\n<p class=\"has-vivid-red-color has-text-color has-link-color wp-elements-13 wp-block-paragraph\"><strong>Important:<\/strong> <em>Cada persona que vulgui sol\u00b7licitar la cancel\u00b7laci\u00f3 i reemborsament, haur\u00e0 de completar un formulari amb les seves dades personals. farem la devoluci\u00f3 en el mateix compte associat a la targeta de cr\u00e8dit\/d\u00e8bit que vas utilitzar per a fer la inscripci\u00f3. Una vegada que et confirmem la devoluci\u00f3, en el termini d&#8217;1 a 4 dies rebr\u00e0s els diners en el mateix compte que vas usar per a fer la inscripci\u00f3 a la carrera.  <\/em><\/p>\n\n\n\n<p class=\"wp-block-paragraph\">f<\/p>\n\n\n\n<blockquote class=\"wp-block-quote has-luminous-vivid-amber-background-color has-background is-layout-flow wp-block-quote-is-layout-flow\">\n<p class=\"has-contrast-color has-text-color has-link-color wp-elements-14 wp-block-paragraph\"> <strong> CANCEL\u00b7LACI\u00d3 AMB TRASP\u00c0S D&#8217;INSCRIPCI\u00d3<\/strong> <strong>TRASP\u00c0S D&#8217;INSCRIPCI\u00d3<\/strong> <\/p>\n<\/blockquote>\n\n\n\n<div style=\"height:14px\" aria-hidden=\"true\" class=\"wp-block-spacer\"><\/div>\n\n\n\n<p class=\"has-contrast-color has-text-color has-link-color wp-elements-15 wp-block-paragraph\">Si un participant no pot participar en la carrera per diferents circumst\u00e0ncies inevitables (lesi\u00f3, problema familiar greu, treball\u2026), i desitja posposar la seva participaci\u00f3 per a l&#8217;any seg\u00fcent, haur\u00e0 de realitzar la petici\u00f3 a l&#8217;organitzaci\u00f3. Aqu\u00ed s&#8217;exposen les normes i la tramitaci\u00f3 necess\u00e0ria. <\/p>\n\n\n\n<div style=\"height:14px\" aria-hidden=\"true\" class=\"wp-block-spacer\"><\/div>\n\n\n\n<p class=\"has-contrast-color has-text-color has-link-color wp-elements-16 wp-block-paragraph\"><strong>Termini de Sol\u00b7licitud d&#8217;Ajornament, Requisits i Tarifes <\/strong><\/p>\n\n\n\n<p class=\"has-contrast-color has-text-color has-link-color wp-elements-17 wp-block-paragraph\">Peticions de transferir la inscripci\u00f3 a la seg\u00fcent HMM fins al 31 de mar\u00e7 de 2027. A partir de l&#8217;1 d&#8217;abril, no s&#8217;acceptaran peticions de trasp\u00e0s d&#8217;inscripci\u00f3.<\/p>\n\n\n\n<p class=\"has-contrast-color has-text-color has-link-color wp-elements-18 wp-block-paragraph\"><strong>Raons acceptades: <\/strong>Viatges de treball, lesions, causes familiars, embar\u00e0s, problema familiar greu. El participant haur\u00e0 de presentar documents (certificats m\u00e8dics, etc.) que provin el motiu de la cancel\u00b7laci\u00f3. <\/p>\n\n\n\n<div style=\"height:14px\" aria-hidden=\"true\" class=\"wp-block-spacer\"><\/div>\n\n\n\n<p class=\"has-contrast-color has-text-color has-link-color wp-elements-19 wp-block-paragraph\"><strong>Pasos para solicitar CANCELACI\u00d3N y TRASPASO a la siguiente HMM<\/strong><\/p>\n\n\n\n<details class=\"wp-block-details has-contrast-color has-tertiary-background-color has-text-color has-background has-link-color wp-elements-20 is-layout-flow wp-block-details-is-layout-flow\"><summary>Pas 1: <strong>Completa el formulari <\/strong> amb totes les dades:<\/summary>\n<div class=\"wp-block-buttons is-layout-flex wp-block-buttons-is-layout-flex\">\n<div class=\"wp-block-button is-style-outline is-style-outline--3\"><a class=\"wp-block-button__link has-custom-font-size wp-element-button\" href=\"https:\/\/forms.gle\/kbEAdo9YMjzuamDE8\" style=\"font-size:13px\">Completa el formulari<\/a><\/div>\n<\/div>\n<\/details>\n\n\n\n<details class=\"wp-block-details has-contrast-color has-text-color has-background has-link-color wp-elements-21 is-layout-flow wp-block-details-is-layout-flow\" style=\"background-color:#f4f4f4\"><summary>Pas 2: Processem la cancel\u00b7laci\u00f3:<\/summary>\n<p class=\"wp-block-paragraph\">Una vegada rebut el formulari, processarem la cancel\u00b7laci\u00f3 i el reemborsament corresponent. Ser\u00e0 en un termini d&#8217;1 a 15 dies des de la recepci\u00f3 de la teva sol\u00b7licitud. Per a establir el reemborsament que et correspon tindrem en compte la data d&#8217;enviament del formulari.   <\/p>\n<\/details>\n\n\n\n<details class=\"wp-block-details has-contrast-color has-tertiary-background-color has-text-color has-background has-link-color wp-elements-22 is-layout-flow wp-block-details-is-layout-flow\"><summary>Pas 3: Tramitem link personal:<\/summary>\n<p class=\"wp-block-paragraph\">Una vegada que ho rebem acabarem el tr\u00e0mit, cancel\u00b7larem la teva inscripci\u00f3 per al vigent any, i t&#8217;inclourem en el llistat de persones a les quals enviarem un LINK PERSONAL I INSTRANSFERIBLE per a inscriure&#8217;s a la seg\u00fcent HMM sense cost. <\/p>\n<\/details>\n\n\n\n<details class=\"wp-block-details has-contrast-color has-text-color has-background has-link-color wp-elements-23 is-layout-flow wp-block-details-is-layout-flow\" style=\"background-color:#f4f4f4\"><summary>Pas 4: Seg\u00fcent edici\u00f3 HMM:<\/summary>\n<p class=\"wp-block-paragraph\">una vegada acabada la vigent HMM, t&#8217;enviarem el mail amb el teu link d&#8217;inscripci\u00f3 per a la seg\u00fcent edici\u00f3 i les instruccions per a fer-ho.<\/p>\n<\/details>\n\n\n\n<div style=\"height:14px\" aria-hidden=\"true\" class=\"wp-block-spacer\"><\/div>\n\n\n\n<p class=\"has-vivid-red-color has-text-color has-link-color wp-elements-24 wp-block-paragraph\"><strong>Important:<\/strong> <em>Transferir la inscripci\u00f3 per la sig\u00fcent edici\u00f3 de HMM suposa la CANCELACI\u00d3 de la inscripci\u00f3 per la vigent edici\u00f3<\/em>.<\/p>\n\n\n\n<div style=\"height:14px\" aria-hidden=\"true\" class=\"wp-block-spacer\"><\/div>\n\n\n\n<details class=\"wp-block-details has-contrast-color has-tertiary-background-color has-text-color has-background has-link-color wp-elements-25 is-layout-flow wp-block-details-is-layout-flow\"><summary>El trasp\u00e0s d&#8217;inscripci\u00f3:<\/summary>\n<p class=\"wp-block-paragraph\">El trasp\u00e0s d&#8217;inscripci\u00f3 \u00e9s <strong>\u00daNICAMENT<\/strong> v\u00e0lid per al mateix esdeveniment (HALF MARATHON MAGALUF) i la mateixa carrera en la qual actualment est\u00e0 inscrit, per a la seg\u00fcent edici\u00f3. <\/p>\n<\/details>\n\n\n\n<details class=\"wp-block-details has-contrast-color has-text-color has-background has-link-color wp-elements-26 is-layout-flow wp-block-details-is-layout-flow\" style=\"background-color:#f4f4f4\"><summary>Trasp\u00e0s d&#8217;inscripci\u00f3: condicions:<\/summary>\n<p class=\"wp-block-paragraph\">El trasp\u00e0s d&#8217;inscripci\u00f3 es realitzar\u00e0 tenint en compte:<\/p>\n\n\n\n<ul class=\"wp-block-list\">\n<li>Ser\u00e0 per a la mateixa dist\u00e0ncia i categoria en la qual el participant estava inscrit en la present edici\u00f3.<\/li>\n<\/ul>\n\n\n\n<ul class=\"wp-block-list\">\n<li>No existir\u00e0 dret a percebre reemborsament en el futur per cancel\u00b7laci\u00f3 de participaci\u00f3<\/li>\n<\/ul>\n\n\n\n<ul class=\"wp-block-list\">\n<li>No existir\u00e0 opci\u00f3 de transferir de nou la nova inscripci\u00f3 a una altra edici\u00f3 de la carrera.<\/li>\n<\/ul>\n\n\n\n<ul class=\"wp-block-list\">\n<li>No existir\u00e0 opci\u00f3 de canviar el nom de la inscripci\u00f3.<\/li>\n<\/ul>\n<\/details>\n\n\n\n<div style=\"height:30px\" aria-hidden=\"true\" class=\"wp-block-spacer\"><\/div>\n\n\n\n<blockquote class=\"wp-block-quote has-luminous-vivid-amber-background-color has-background is-layout-flow wp-block-quote-is-layout-flow\">\n<p class=\"has-contrast-color has-text-color has-link-color wp-elements-27 wp-block-paragraph\"><strong>CANVIS DE TITULAR DE DORSAL<\/strong><\/p>\n<\/blockquote>\n\n\n\n<div style=\"height:14px\" aria-hidden=\"true\" class=\"wp-block-spacer\"><\/div>\n\n\n\n<p class=\"has-contrast-color has-text-color has-link-color wp-elements-28 wp-block-paragraph\">Els dorsals s\u00f3n personals i intransferibles. En el cas que es desitgi canviar el titular de la inscripci\u00f3 s&#8217;haur\u00e0 de seguir el proc\u00e9s que es determinar\u00e0 mitjan\u00e7ant comunicaci\u00f3 a <a href=\"mailto:eventsice@calvia.com\">eventsice@calvia.com<\/a>. Els canvis de titularitat del Dorsal seran possibles fins al 28 de febrer de 2027. A partir de l&#8217;1 de mar\u00e7 de 2027, no es faran canvis de titularitat del dorsal.<\/p>\n\n\n\n<div style=\"height:30px\" aria-hidden=\"true\" class=\"wp-block-spacer\"><\/div>\n\n\n\n<blockquote class=\"wp-block-quote has-luminous-vivid-amber-background-color has-background is-layout-flow wp-block-quote-is-layout-flow\">\n<p class=\"has-contrast-color has-text-color has-link-color wp-elements-29 wp-block-paragraph\"><strong>CANVIS DE DIST\u00c0NCIA<\/strong><\/p>\n<\/blockquote>\n\n\n\n<div style=\"height:14px\" aria-hidden=\"true\" class=\"wp-block-spacer\"><\/div>\n\n\n\n<p class=\"has-contrast-color has-text-color has-link-color wp-elements-30 wp-block-paragraph\">Es permet el canvi de dist\u00e0ncia, sempre que existeixin dorsals disponibles en la dist\u00e0ncia a la qual vol canviar, segons les condicions recollides en l&#8217;apartat d&#8217;inscripcions. <\/p>\n\n\n\n<p class=\"has-contrast-color has-text-color has-link-color wp-elements-31 wp-block-paragraph\">En cas que el participant vulgui canviar de la carrera de mitjana marat\u00f3 a la de 10 km, l&#8217;organitzaci\u00f3 no retornar\u00e0 la difer\u00e8ncia entre el pagament de la inscripci\u00f3 realitzada en el primer moment i el canvi a la dist\u00e0ncia curta, tampoc cobrar\u00e0 cap comissi\u00f3 per aquesta gesti\u00f3.<\/p>\n\n\n\n<p class=\"has-contrast-color has-text-color has-link-color wp-elements-32 wp-block-paragraph\">En cas que el participant vulgui canviar de la carrera de 10 km a la carrera de mitjana marat\u00f3, el participant haur\u00e0 d&#8217;abonar la difer\u00e8ncia entre els diners que va pagar per la inscripci\u00f3 de 10 km i el cost que t\u00e9 en aquest moment la carrera de mitjana marat\u00f3. L&#8217;organitzaci\u00f3 no cobrar\u00e0 cap comissi\u00f3 per aquesta gesti\u00f3.  <\/p>\n\n\n\n<p class=\"has-contrast-color has-text-color has-link-color wp-elements-33 wp-block-paragraph\">Per a tramitar el canvi de dist\u00e0ncia ser\u00e0 necessari escriure un correu electr\u00f2nic a <a href=\"mailto:eventsice@calvia.com\">eventsice@calvia.com<\/a> adjuntant la refer\u00e8ncia d&#8217;inscripci\u00f3, el nom complet del participant que desitja canviar la dist\u00e0ncia.<\/p>\n\n\n\n<div style=\"height:72px\" aria-hidden=\"true\" class=\"wp-block-spacer\"><\/div>\n","protected":false},"excerpt":{"rendered":"<p>CANCEL\u00b7LACI\u00d3 I POL\u00cdTICA DE DEVOLUCIONS La inscripci\u00f3 a aquesta carrera implica la reserva de pla\u00e7a. Si la persona participant una vegada inscrita desitja cancel\u00b7lar la seva inscripci\u00f3, aquestes s\u00f3n les condicions: Informaci\u00f3 de carrera Reglament oficial de les carreres. Cl\u00e0usula de responsabilitat del participant. Data de cancel\u00b7laci\u00f3 % de devoluci\u00f3 per cancel\u00b7laci\u00f3 Abans del 31 [&hellip;]<\/p>\n","protected":false},"author":235573868,"featured_media":0,"parent":0,"menu_order":0,"comment_status":"closed","ping_status":"closed","template":"","meta":{"_wpcom_ai_launchpad_about_page":false,"_wpcom_ai_launchpad_gallery_page":false,"_wpcom_ai_launchpad_contact_page":false,"_wpcom_ai_launchpad_events_page":false,"_wpcom_ai_launchpad_video_page":false,"_wpcom_ai_launchpad_portfolio_piece":false,"footnotes":""},"class_list":["post-4085","page","type-page","status-publish","hentry"],"yoast_head":"<!-- This site is optimized with the Yoast SEO plugin v28.3 - https:\/\/yoast.com\/product\/yoast-seo-wordpress\/ -->\n<title>Cancel\u00b7laci\u00f3 i Pol\u00edtica de devolucions -<\/title>\n<meta name=\"robots\" content=\"index, follow, max-snippet:-1, max-image-preview:large, max-video-preview:-1\" \/>\n<link rel=\"canonical\" href=\"https:\/\/halfmarathonmagaluf.com\/ca\/cancellacio-i-politica-de-devolucions\/\" \/>\n<meta property=\"og:locale\" content=\"ca_ES\" \/>\n<meta property=\"og:type\" content=\"article\" \/>\n<meta property=\"og:title\" content=\"Cancel\u00b7laci\u00f3 i Pol\u00edtica de devolucions -\" \/>\n<meta property=\"og:description\" content=\"CANCEL\u00b7LACI\u00d3 I POL\u00cdTICA DE DEVOLUCIONS La inscripci\u00f3 a aquesta carrera implica la reserva de pla\u00e7a. Si la persona participant una vegada inscrita desitja cancel\u00b7lar la seva inscripci\u00f3, aquestes s\u00f3n les condicions: Informaci\u00f3 de carrera Reglament oficial de les carreres. Cl\u00e0usula de responsabilitat del participant. Data de cancel\u00b7laci\u00f3 % de devoluci\u00f3 per cancel\u00b7laci\u00f3 Abans del 31 [&hellip;]\" \/>\n<meta property=\"og:url\" content=\"https:\/\/halfmarathonmagaluf.com\/ca\/cancellacio-i-politica-de-devolucions\/\" \/>\n<meta property=\"article:modified_time\" content=\"2026-08-19T06:38:23+00:00\" \/>\n<meta property=\"og:image\" content=\"https:\/\/halfmarathonmagaluf.com\/wp-content\/uploads\/2025\/05\/half-marathon-magaluf-82-1024x682.webp\" \/>\n<meta name=\"twitter:card\" content=\"summary_large_image\" \/>\n<meta name=\"twitter:label1\" content=\"Temps estimat de lectura\" \/>\n\t<meta name=\"twitter:data1\" content=\"5 minuts\" \/>\n<script type=\"application\/ld+json\" class=\"yoast-schema-graph\">{\"@context\":\"https:\\\/\\\/schema.org\",\"@graph\":[{\"@type\":\"WebPage\",\"@id\":\"https:\\\/\\\/halfmarathonmagaluf.com\\\/ca\\\/cancellacio-i-politica-de-devolucions\\\/\",\"url\":\"https:\\\/\\\/halfmarathonmagaluf.com\\\/ca\\\/cancellacio-i-politica-de-devolucions\\\/\",\"name\":\"Cancel\u00b7laci\u00f3 i Pol\u00edtica de devolucions -\",\"isPartOf\":{\"@id\":\"https:\\\/\\\/halfmarathonmagaluf.com\\\/ca\\\/#website\"},\"primaryImageOfPage\":{\"@id\":\"https:\\\/\\\/halfmarathonmagaluf.com\\\/ca\\\/cancellacio-i-politica-de-devolucions\\\/#primaryimage\"},\"image\":{\"@id\":\"https:\\\/\\\/halfmarathonmagaluf.com\\\/ca\\\/cancellacio-i-politica-de-devolucions\\\/#primaryimage\"},\"thumbnailUrl\":\"https:\\\/\\\/halfmarathonmagaluf.com\\\/wp-content\\\/uploads\\\/2025\\\/05\\\/half-marathon-magaluf-82-1024x682.webp\",\"datePublished\":\"2025-05-14T07:22:20+00:00\",\"dateModified\":\"2026-08-19T06:38:23+00:00\",\"breadcrumb\":{\"@id\":\"https:\\\/\\\/halfmarathonmagaluf.com\\\/ca\\\/cancellacio-i-politica-de-devolucions\\\/#breadcrumb\"},\"inLanguage\":\"ca\",\"potentialAction\":[{\"@type\":\"ReadAction\",\"target\":[\"https:\\\/\\\/halfmarathonmagaluf.com\\\/ca\\\/cancellacio-i-politica-de-devolucions\\\/\"]}]},{\"@type\":\"ImageObject\",\"inLanguage\":\"ca\",\"@id\":\"https:\\\/\\\/halfmarathonmagaluf.com\\\/ca\\\/cancellacio-i-politica-de-devolucions\\\/#primaryimage\",\"url\":\"https:\\\/\\\/halfmarathonmagaluf.com\\\/wp-content\\\/uploads\\\/2025\\\/05\\\/half-marathon-magaluf-82-1024x682.webp\",\"contentUrl\":\"https:\\\/\\\/halfmarathonmagaluf.com\\\/wp-content\\\/uploads\\\/2025\\\/05\\\/half-marathon-magaluf-82-1024x682.webp\"},{\"@type\":\"BreadcrumbList\",\"@id\":\"https:\\\/\\\/halfmarathonmagaluf.com\\\/ca\\\/cancellacio-i-politica-de-devolucions\\\/#breadcrumb\",\"itemListElement\":[{\"@type\":\"ListItem\",\"position\":1,\"name\":\"Portada\",\"item\":\"https:\\\/\\\/halfmarathonmagaluf.com\\\/ca\\\/\"},{\"@type\":\"ListItem\",\"position\":2,\"name\":\"Cancel\u00b7laci\u00f3 i Pol\u00edtica de devolucions\"}]},{\"@type\":\"WebSite\",\"@id\":\"https:\\\/\\\/halfmarathonmagaluf.com\\\/ca\\\/#website\",\"url\":\"https:\\\/\\\/halfmarathonmagaluf.com\\\/ca\\\/\",\"name\":\"Half Marathon Magaluf\",\"description\":\"Half Marathon Magaluf, la mejor Media marat\u00f3n en Mallorca. Disfruta de un lugar espectacular y servicios \u00fanicos, en dos distancias 10 y 21 km\",\"publisher\":{\"@id\":\"https:\\\/\\\/halfmarathonmagaluf.com\\\/ca\\\/#organization\"},\"alternateName\":\"Media marat\u00f3n Magaluf\",\"potentialAction\":[{\"@type\":\"SearchAction\",\"target\":{\"@type\":\"EntryPoint\",\"urlTemplate\":\"https:\\\/\\\/halfmarathonmagaluf.com\\\/ca\\\/?s={search_term_string}\"},\"query-input\":{\"@type\":\"PropertyValueSpecification\",\"valueRequired\":true,\"valueName\":\"search_term_string\"}}],\"inLanguage\":\"ca\"},{\"@type\":\"Organization\",\"@id\":\"https:\\\/\\\/halfmarathonmagaluf.com\\\/ca\\\/#organization\",\"name\":\"Half Marathon Magaluf\",\"url\":\"https:\\\/\\\/halfmarathonmagaluf.com\\\/ca\\\/\",\"logo\":{\"@type\":\"ImageObject\",\"inLanguage\":\"ca\",\"@id\":\"https:\\\/\\\/halfmarathonmagaluf.com\\\/ca\\\/#\\\/schema\\\/logo\\\/image\\\/\",\"url\":\"https:\\\/\\\/i0.wp.com\\\/halfmarathonmagaluf.com\\\/wp-content\\\/uploads\\\/2024\\\/01\\\/logo-hmm-blanco-23.png?fit=463%2C388&ssl=1\",\"contentUrl\":\"https:\\\/\\\/i0.wp.com\\\/halfmarathonmagaluf.com\\\/wp-content\\\/uploads\\\/2024\\\/01\\\/logo-hmm-blanco-23.png?fit=463%2C388&ssl=1\",\"width\":463,\"height\":388,\"caption\":\"Half Marathon Magaluf\"},\"image\":{\"@id\":\"https:\\\/\\\/halfmarathonmagaluf.com\\\/ca\\\/#\\\/schema\\\/logo\\\/image\\\/\"}}]}<\/script>\n<!-- \/ Yoast SEO plugin. -->","yoast_head_json":{"title":"Cancel\u00b7laci\u00f3 i Pol\u00edtica de devolucions -","robots":{"index":"index","follow":"follow","max-snippet":"max-snippet:-1","max-image-preview":"max-image-preview:large","max-video-preview":"max-video-preview:-1"},"canonical":"https:\/\/halfmarathonmagaluf.com\/ca\/cancellacio-i-politica-de-devolucions\/","og_locale":"ca_ES","og_type":"article","og_title":"Cancel\u00b7laci\u00f3 i Pol\u00edtica de devolucions -","og_description":"CANCEL\u00b7LACI\u00d3 I POL\u00cdTICA DE DEVOLUCIONS La inscripci\u00f3 a aquesta carrera implica la reserva de pla\u00e7a. Si la persona participant una vegada inscrita desitja cancel\u00b7lar la seva inscripci\u00f3, aquestes s\u00f3n les condicions: Informaci\u00f3 de carrera Reglament oficial de les carreres. Cl\u00e0usula de responsabilitat del participant. Data de cancel\u00b7laci\u00f3 % de devoluci\u00f3 per cancel\u00b7laci\u00f3 Abans del 31 [&hellip;]","og_url":"https:\/\/halfmarathonmagaluf.com\/ca\/cancellacio-i-politica-de-devolucions\/","article_modified_time":"2026-08-19T06:38:23+00:00","og_image":[{"url":"https:\/\/halfmarathonmagaluf.com\/wp-content\/uploads\/2025\/05\/half-marathon-magaluf-82-1024x682.webp","type":"","width":"","height":""}],"twitter_card":"summary_large_image","twitter_misc":{"Temps estimat de lectura":"5 minuts"},"schema":{"@context":"https:\/\/schema.org","@graph":[{"@type":"WebPage","@id":"https:\/\/halfmarathonmagaluf.com\/ca\/cancellacio-i-politica-de-devolucions\/","url":"https:\/\/halfmarathonmagaluf.com\/ca\/cancellacio-i-politica-de-devolucions\/","name":"Cancel\u00b7laci\u00f3 i Pol\u00edtica de devolucions -","isPartOf":{"@id":"https:\/\/halfmarathonmagaluf.com\/ca\/#website"},"primaryImageOfPage":{"@id":"https:\/\/halfmarathonmagaluf.com\/ca\/cancellacio-i-politica-de-devolucions\/#primaryimage"},"image":{"@id":"https:\/\/halfmarathonmagaluf.com\/ca\/cancellacio-i-politica-de-devolucions\/#primaryimage"},"thumbnailUrl":"https:\/\/halfmarathonmagaluf.com\/wp-content\/uploads\/2025\/05\/half-marathon-magaluf-82-1024x682.webp","datePublished":"2025-05-14T07:22:20+00:00","dateModified":"2026-08-19T06:38:23+00:00","breadcrumb":{"@id":"https:\/\/halfmarathonmagaluf.com\/ca\/cancellacio-i-politica-de-devolucions\/#breadcrumb"},"inLanguage":"ca","potentialAction":[{"@type":"ReadAction","target":["https:\/\/halfmarathonmagaluf.com\/ca\/cancellacio-i-politica-de-devolucions\/"]}]},{"@type":"ImageObject","inLanguage":"ca","@id":"https:\/\/halfmarathonmagaluf.com\/ca\/cancellacio-i-politica-de-devolucions\/#primaryimage","url":"https:\/\/halfmarathonmagaluf.com\/wp-content\/uploads\/2025\/05\/half-marathon-magaluf-82-1024x682.webp","contentUrl":"https:\/\/halfmarathonmagaluf.com\/wp-content\/uploads\/2025\/05\/half-marathon-magaluf-82-1024x682.webp"},{"@type":"BreadcrumbList","@id":"https:\/\/halfmarathonmagaluf.com\/ca\/cancellacio-i-politica-de-devolucions\/#breadcrumb","itemListElement":[{"@type":"ListItem","position":1,"name":"Portada","item":"https:\/\/halfmarathonmagaluf.com\/ca\/"},{"@type":"ListItem","position":2,"name":"Cancel\u00b7laci\u00f3 i Pol\u00edtica de devolucions"}]},{"@type":"WebSite","@id":"https:\/\/halfmarathonmagaluf.com\/ca\/#website","url":"https:\/\/halfmarathonmagaluf.com\/ca\/","name":"Half Marathon Magaluf","description":"Half Marathon Magaluf, la mejor Media marat\u00f3n en Mallorca. Disfruta de un lugar espectacular y servicios \u00fanicos, en dos distancias 10 y 21 km","publisher":{"@id":"https:\/\/halfmarathonmagaluf.com\/ca\/#organization"},"alternateName":"Media marat\u00f3n Magaluf","potentialAction":[{"@type":"SearchAction","target":{"@type":"EntryPoint","urlTemplate":"https:\/\/halfmarathonmagaluf.com\/ca\/?s={search_term_string}"},"query-input":{"@type":"PropertyValueSpecification","valueRequired":true,"valueName":"search_term_string"}}],"inLanguage":"ca"},{"@type":"Organization","@id":"https:\/\/halfmarathonmagaluf.com\/ca\/#organization","name":"Half Marathon Magaluf","url":"https:\/\/halfmarathonmagaluf.com\/ca\/","logo":{"@type":"ImageObject","inLanguage":"ca","@id":"https:\/\/halfmarathonmagaluf.com\/ca\/#\/schema\/logo\/image\/","url":"https:\/\/i0.wp.com\/halfmarathonmagaluf.com\/wp-content\/uploads\/2024\/01\/logo-hmm-blanco-23.png?fit=463%2C388&ssl=1","contentUrl":"https:\/\/i0.wp.com\/halfmarathonmagaluf.com\/wp-content\/uploads\/2024\/01\/logo-hmm-blanco-23.png?fit=463%2C388&ssl=1","width":463,"height":388,"caption":"Half Marathon Magaluf"},"image":{"@id":"https:\/\/halfmarathonmagaluf.com\/ca\/#\/schema\/logo\/image\/"}}]}},"jetpack_likes_enabled":true,"jetpack_sharing_enabled":true,"jetpack_shortlink":"https:\/\/wp.me\/Pfql6N-13T","jetpack-related-posts":[],"_links":{"self":[{"href":"https:\/\/halfmarathonmagaluf.com\/ca\/wp-json\/wp\/v2\/pages\/4085","targetHints":{"allow":["GET"]}}],"collection":[{"href":"https:\/\/halfmarathonmagaluf.com\/ca\/wp-json\/wp\/v2\/pages"}],"about":[{"href":"https:\/\/halfmarathonmagaluf.com\/ca\/wp-json\/wp\/v2\/types\/page"}],"author":[{"embeddable":true,"href":"https:\/\/halfmarathonmagaluf.com\/ca\/wp-json\/wp\/v2\/users\/235573868"}],"replies":[{"embeddable":true,"href":"https:\/\/halfmarathonmagaluf.com\/ca\/wp-json\/wp\/v2\/comments?post=4085"}],"version-history":[{"count":6,"href":"https:\/\/halfmarathonmagaluf.com\/ca\/wp-json\/wp\/v2\/pages\/4085\/revisions"}],"predecessor-version":[{"id":7818,"href":"https:\/\/halfmarathonmagaluf.com\/ca\/wp-json\/wp\/v2\/pages\/4085\/revisions\/7818"}],"wp:attachment":[{"href":"https:\/\/halfmarathonmagaluf.com\/ca\/wp-json\/wp\/v2\/media?parent=4085"}],"curies":[{"name":"wp","href":"https:\/\/api.w.org\/{rel}","templated":true}]}}